{"id":3114,"date":"2024-02-21T10:09:32","date_gmt":"2024-02-21T09:09:32","guid":{"rendered":"https:\/\/www.rocknrome.it\/accommodation\/black-door-2\/"},"modified":"2025-01-24T12:35:17","modified_gmt":"2025-01-24T11:35:17","slug":"black-door-2","status":"publish","type":"mphb_room_type","link":"https:\/\/www.rocknrome.it\/es\/accommodation\/black-door-2\/","title":{"rendered":"Black Door"},"content":{"rendered":"<p class=\"p1\"><strong>Tipolog\u00eda: Holiday Home<br \/>\nApartamento: Estudio<br \/>\nArea: Plaza de Espa\u00f1a<br \/>\nClientes potenciales : Individual, Parejas o Empresas<\/p>\n<p>C\u00f3modo y Silencioso Estudio cerca de Piazza di Spagna<br \/>\n<\/strong>Bienvenidos a este elegante estudio de <strong>22 m\u00b2<\/strong>, ubicado en el coraz\u00f3n de Roma, a pocos pasos de <strong>Piazza di Spagna<\/strong>. Ideal para <strong>viajeros solos<\/strong>, <strong>parejas<\/strong> o viajeros de negocios, ofrece un refugio \u00edntimo y tranquilo para un m\u00e1ximo de <strong>2 hu\u00e9spedes.<\/strong><\/p>\n<p><strong><br \/>\nCaracter\u00edsticas y Comodidades\u00a0<\/strong><\/p>\n<p><em><strong>Zona de descanso:<\/strong><\/em><\/p>\n<p>&#8211; Cama doble (160&#215;190 cm) con un topper de 6 cm para un descanso de alta calidad.<\/p>\n<p>&#8211; Dos almohadas de diferentes grosores para satisfacer todas las preferencias.<\/p>\n<p>&#8211; Ropa de cama incluida.<\/p>\n<p><em><strong>Servicios disponibles:\u00a0<\/strong><\/em><\/p>\n<p>&#8211; Wi-Fi gratuito de alta velocidad en toda la propiedad.<\/p>\n<p>&#8211; Televisor de pantalla plana para momentos de relajaci\u00f3n.<\/p>\n<p>&#8211; Aire acondicionado y bomba de calor para un ambiente c\u00f3modo en cualquier temporada.<\/p>\n<p><em><strong>Cocina equipada:<\/strong><\/em><\/p>\n<p>&#8211; Cocina con todo lo necesario para preparar comidas.<\/p>\n<p>&#8211; Accesorios para preparar caf\u00e9 y armarios para una gesti\u00f3n \u00f3ptima del espacio.<\/p>\n<p><em><strong>Ba\u00f1o moderno y funcional:<\/strong><\/em><\/p>\n<p>&#8211; Ducha doble para el m\u00e1ximo confort.<\/p>\n<p>&#8211; Inodoro electr\u00f3nico japon\u00e9s con funciones de lavado y secado con aire caliente.<\/p>\n<p>&#8211; Kit de 3 toallas por hu\u00e9sped, secador de pelo y dispensadores de jab\u00f3n para manos, champ\u00fa y gel de ducha.<\/p>\n<p class=\"p1\"><strong>\u00a0<\/strong><\/p>\n<p><strong>Estilo y Dise\u00f1o<\/strong><br \/>\nEl dise\u00f1o interior, hecho a medida, aprovecha al m\u00e1ximo cada espacio, combinando elegancia y funcionalidad. Las encantadoras <strong>paredes de ladrillo a la vista del siglo XVII<\/strong>\u00a0a\u00f1aden un toque \u00fanico e hist\u00f3rico, creando un ambiente c\u00e1lido y acogedor.<\/p>\n<p><strong>Ubicaci\u00f3n Ideal<\/strong><br \/>\nEl apartamento est\u00e1 ubicado en la c\u00e9ntrica <strong>Via del Babuino<\/strong>, una de las calles m\u00e1s elegantes de Roma, que conecta <strong>Piazza di Spagna<\/strong> con <strong>Piazza del Popolo<\/strong>.<\/p>\n<p>&#8211; <strong>F\u00e1cil acceso:<\/strong> A pocos minutos de la Estaci\u00f3n Termini, f\u00e1cilmente accesible en transporte p\u00fablico o taxi.<\/p>\n<p>&#8211; <strong>A pie:<\/strong> Su ubicaci\u00f3n privilegiada permite explorar el centro hist\u00f3rico de Roma y sus monumentos m\u00e1s famosos simplemente paseando.<\/p>\n<p>&#8211; <strong>Relajaci\u00f3n garantizada:<\/strong> La cercan\u00eda a las principales atracciones le permitir\u00e1 regresar f\u00e1cilmente para un almuerzo o un momento de descanso antes de continuar su aventura en la Ciudad Eterna.<\/p>\n<p class=\"p1\">\u00a1Disfruta de una estancia especial en el coraz\u00f3n de Roma: confort, elegancia e historia te esperan!<\/p>\n<p>&nbsp;<\/p>\n<p><iframe loading=\"lazy\" style=\"border: 0;\" src=\"https:\/\/www.google.com\/maps\/embed?pb=!1m18!1m12!1m3!1d9531.899513380551!2d12.472058160702792!3d41.9077575030223!2m3!1f0!2f0!3f0!3m2!1i1024!2i768!4f13.1!3m3!1m2!1s0x132f60ff5129c21f%3A0xb2c2383bf626e5f1!2sVia%20del%20Babuino%2C%2048%2C%2000187%20Roma%20RM!5e0!3m2!1sit!2sit!4v1708508335808!5m2!1sit!2sit\" width=\"600\" height=\"450\" allowfullscreen=\"allowfullscreen\"><\/iframe><\/p>\n<h3>UBICACI\u00d3N<\/h3>\n<h4>C\u00d3MO LLEGAR A NOSOTROS Y C\u00d3MO DEJARNOS<\/h4>\n<p class=\"p1\">i llega\/parte en <b>TREN<\/b>, la estaci\u00f3n de referencia es Termini (Tiburtina est\u00e1 m\u00e1s lejos). Desde la estaci\u00f3n, tome el METRO, l\u00ednea roja hacia Battistini, b\u00e1jese en la tercera parada SPAGNA, salga del metro, gire a la derecha en Via del Babuino, a 300 metros y ha llegado. Alternativamente, puedes tomar un taxi p\u00fablico desde Piazzale dei Cinquecento, frente a la estaci\u00f3n.<\/p>\n<p class=\"p1\">Para regresar a Termini, tome METRO hasta la L\u00ednea Roja de SPAGNA, direcci\u00f3n Anagnina, b\u00e1jese en la tercera parada TERMINI.<\/p>\n<p class=\"p1\">Si llega o sale en <b>AVION<\/b> hacia\/desde <b>Fiumicino<\/b>, hay varias soluciones posibles:<\/p>\n<ul class=\"ul1\">\n<li class=\"li2\"><span class=\"s2\">SHUTTLE<\/span><span class=\"s3\"> desde 7,00 \u20ac. Saliendo de la Terminal 3, gire a la derecha y contin\u00fae recto hasta llegar a la estaci\u00f3n de autobuses (plataforma 12). Elija entre los 3 puntos de encuentro diferentes el de la estaci\u00f3n de Roma TERMINI, a trav\u00e9s de Marsala 5 (frente al hotel Best Western Royal Santina), &#8211; DESDE AQU\u00cd, tambi\u00e9n comienza el Regreso con el servicio de enlace con el aeropuerto &#8211; . Desde la estaci\u00f3n de Termini, tome el METRO, l\u00ednea roja hacia Battistini, b\u00e1jese en la tercera parada SPAGNA, salga del metro, gire a la derecha en Via del Babuino, a 300 metros y habr\u00e1 llegado.<\/span><\/li>\n<li class=\"li2\"><span class=\"s2\">TREN<\/span><span class=\"s3\"> Desde 18,00 \u20ac Leonardo Express, que llega a la estaci\u00f3n de TERMINI desde el aeropuerto de Fiumicino; &#8211; DESDE AQU\u00cd, el Regreso tambi\u00e9n sale con el Leonardo Express hacia el Aeropuerto &#8211; . Desde la estaci\u00f3n, tome el METRO, l\u00ednea roja hacia Battistini, b\u00e1jese en la tercera parada ESPA\u00d1A, salga del metro, gire a la derecha en Via del Babuino, a 300 metros y ha llegado. <\/span><\/li>\n<li class=\"li2\"><span class=\"s2\">TAXI<\/span><span class=\"s3\">P\u00fablico (recomiendo solo los regulares que son blancos); tienen el precio del viaje para llegar al centro escrito en la puerta (hasta hoy es de 50,00 \u20ac).<\/span><\/li>\n<li class=\"li2\"><span class=\"s2\">N.C.C.<\/span><span class=\"s3\"> (Taxis privado) A petici\u00f3n suya, es posible organizar un servicio de transporte personal con conductor que le estar\u00e1 esperando en el aeropuerto con un cartel con su nombre y le acompa\u00f1ar\u00e1 directamente al apartamento. El servicio tambi\u00e9n se puede organizar desde el apartamento del aeropuerto. Hay diferentes soluciones disponibles entre coches y para grupos m\u00e1s grandes, furgonetas o minivans. El coste, que se pagar\u00e1 directamente al conductor, para 2 personas es de 50,00 \u20ac (el mismo que el del taxi p\u00fablico).<\/span><\/li>\n<\/ul>\n<p class=\"p1\">Si viajas con el <b>COCHE<\/b>, lamentamos las condiciones no \u00f3ptimas de tr\u00e1fico y, sobre todo, del aparcamiento que encontrar\u00e1s.<\/p>\n<p class=\"p1\">Siendo la Zona Muy Central est\u00e1 la ZTL &#8211; Activo de: 6.30-18.00 de lunes a viernes (excluyendo los d\u00edas festivos) de 14.00 a 18.00 los s\u00e1bados (excluyendo los d\u00edas festivos).<\/p>\n<p class=\"p1\">Aparcamiento De Pago Cercano.<\/p>\n<p class=\"p1\">Los m\u00e1s cercanos son:<\/p>\n<ul class=\"ul1\">\n<li class=\"li2\"><span class=\"s3\">Aparcamiento Vantaggio, Via del Vantaggio n. 44, a 300 metros del apartamento. (ZTL)<\/span><\/li>\n<li class=\"li2\"><span class=\"s3\">Garaje de Belsiana, Via Besiana n. 98, a 400 metros del apartamento. (ZTL)<\/span><\/li>\n<li class=\"li2\"><span class=\"s3\">Aparcamiento SABA Villa Borghese, Viale del Galoppatoio n. 33, a 1100 metros del apartamento. (No ZTL)<\/span><\/li>\n<li class=\"li2\"><span class=\"s3\">Aparcamiento Colonna, Via Santa Maria in Via n. 11-13, a 1100 metros del apartamento. (ZTL)<\/span><\/li>\n<li class=\"li2\"><span class=\"s3\">Aparcamiento Ludovisi, Via Ludovisi n. 60, a 1100 metros del apartamento. (No ZTL)<\/span><\/li>\n<\/ul>\n","protected":false},"excerpt":{"rendered":"<div class=\"prop-alloggi\">\n<div class=\"tr\">\n<div class=\"td\"><i class=\"fal fa-building fa-2x\"><\/i><\/p>\n<h5>Tipo de apartamento<\/h5>\n<p>\t\t\t<strong>Casa de vacaciones<\/strong>\n\t\t<\/div>\n<div class=\"td\">\n\t\t\t<i class=\"fal fa-cog fa-2x\"><\/i><\/p>\n<h5>Unidad<\/h5>\n<p>\t\t\t<strong>Apartamento estudio<\/strong>\n\t\t<\/div>\n<div class=\"td\">\n\t\t\t<i class=\"fal fa-map-marker-alt fa-2x\"><\/i><\/p>\n<h5>Ubicaci\u00f3n<\/h5>\n<p>\t\t\t<strong>Plaza de Espa\u00f1a<\/strong>\n\t\t<\/div>\n<div class=\"td\">\n\t\t\t<i class=\"fal fa-user-friends fa-2x\"><\/i><\/p>\n<h5>Clientes potenciales<\/h5>\n<p>\t\t\t<strong>Individual, Parejas o Empresas<\/strong>\n\t\t<\/div>\n<\/p><\/div>\n<\/div>\n","protected":false},"featured_media":3066,"menu_order":0,"comment_status":"open","ping_status":"closed","template":"","mphb_room_type_category":[],"mphb_room_type_tag":[],"mphb_room_type_facility":[204,209,206,205,207,208,210,211],"class_list":["post-3114","mphb_room_type","type-mphb_room_type","status-publish","has-post-thumbnail","hentry","mphb_room_type_facility-bano-privado","mphb_room_type_facility-calefaccion","mphb_room_type_facility-conexion-wifi-gratuita","mphb_room_type_facility-habitaciones-para-no-fumadores","mphb_room_type_facility-ideal-para-2-personas","mphb_room_type_facility-transporte-al-aeropuerto","mphb_room_type_facility-tv-de-pantalla-plana","mphb_room_type_facility-vista-de-la-ciudad","mphb-room-type-adults-2","mphb-room-type-children-0"],"yoast_head":"<!-- This site is optimized with the Yoast SEO plugin v18.9 - https:\/\/yoast.com\/wordpress\/plugins\/seo\/ -->\n<title>Black Door - Apartamentos de lujo en alquiler en Roma<\/title>\n<meta name=\"robots\" content=\"index, follow, max-snippet:-1, max-image-preview:large, max-video-preview:-1\" \/>\n<link rel=\"canonical\" href=\"https:\/\/www.rocknrome.it\/es\/accommodation\/black-door-2\/\" \/>\n<meta property=\"og:locale\" content=\"es_ES\" \/>\n<meta property=\"og:type\" content=\"article\" \/>\n<meta property=\"og:title\" content=\"Black Door - Apartamentos de lujo en alquiler en Roma\" \/>\n<meta property=\"og:description\" content=\"Tipo de apartamento   Casa de vacaciones         Unidad   Apartamento estudio         Ubicaci\u00f3n   Plaza de Espa\u00f1a         Clientes potenciales   Individual, Parejas o Empresas\" \/>\n<meta property=\"og:url\" content=\"https:\/\/www.rocknrome.it\/es\/accommodation\/black-door-2\/\" \/>\n<meta property=\"og:site_name\" content=\"Apartamentos de lujo en alquiler en Roma\" \/>\n<meta property=\"article:modified_time\" content=\"2025-01-24T11:35:17+00:00\" \/>\n<meta property=\"og:image\" content=\"https:\/\/www.rocknrome.it\/wp-content\/uploads\/2024\/02\/IMG_20220324_091328.jpeg\" \/>\n\t<meta property=\"og:image:width\" content=\"898\" \/>\n\t<meta property=\"og:image:height\" content=\"1200\" \/>\n\t<meta property=\"og:image:type\" content=\"image\/jpeg\" \/>\n<meta name=\"twitter:card\" content=\"summary_large_image\" \/>\n<meta name=\"twitter:label1\" content=\"Tiempo de lectura\" \/>\n\t<meta name=\"twitter:data1\" content=\"5 minutos\" \/>\n<script type=\"application\/ld+json\" class=\"yoast-schema-graph\">{\"@context\":\"https:\/\/schema.org\",\"@graph\":[{\"@type\":\"WebSite\",\"@id\":\"https:\/\/www.rocknrome.it\/#website\",\"url\":\"https:\/\/www.rocknrome.it\/\",\"name\":\"Apartamentos de lujo en alquiler en Roma\",\"description\":\"Un nuovo sito targato WordPress\",\"potentialAction\":[{\"@type\":\"SearchAction\",\"target\":{\"@type\":\"EntryPoint\",\"urlTemplate\":\"https:\/\/www.rocknrome.it\/?s={search_term_string}\"},\"query-input\":\"required name=search_term_string\"}],\"inLanguage\":\"es\"},{\"@type\":\"ImageObject\",\"inLanguage\":\"es\",\"@id\":\"https:\/\/www.rocknrome.it\/es\/accommodation\/black-door-2\/#primaryimage\",\"url\":\"https:\/\/www.rocknrome.it\/wp-content\/uploads\/2024\/02\/IMG_20220324_091328.jpeg\",\"contentUrl\":\"https:\/\/www.rocknrome.it\/wp-content\/uploads\/2024\/02\/IMG_20220324_091328.jpeg\",\"width\":898,\"height\":1200},{\"@type\":\"WebPage\",\"@id\":\"https:\/\/www.rocknrome.it\/es\/accommodation\/black-door-2\/#webpage\",\"url\":\"https:\/\/www.rocknrome.it\/es\/accommodation\/black-door-2\/\",\"name\":\"Black Door - Apartamentos de lujo en alquiler en Roma\",\"isPartOf\":{\"@id\":\"https:\/\/www.rocknrome.it\/#website\"},\"primaryImageOfPage\":{\"@id\":\"https:\/\/www.rocknrome.it\/es\/accommodation\/black-door-2\/#primaryimage\"},\"datePublished\":\"2024-02-21T09:09:32+00:00\",\"dateModified\":\"2025-01-24T11:35:17+00:00\",\"breadcrumb\":{\"@id\":\"https:\/\/www.rocknrome.it\/es\/accommodation\/black-door-2\/#breadcrumb\"},\"inLanguage\":\"es\",\"potentialAction\":[{\"@type\":\"ReadAction\",\"target\":[\"https:\/\/www.rocknrome.it\/es\/accommodation\/black-door-2\/\"]}]},{\"@type\":\"BreadcrumbList\",\"@id\":\"https:\/\/www.rocknrome.it\/es\/accommodation\/black-door-2\/#breadcrumb\",\"itemListElement\":[{\"@type\":\"ListItem\",\"position\":1,\"name\":\"Home\",\"item\":\"https:\/\/www.rocknrome.it\/es\/\"},{\"@type\":\"ListItem\",\"position\":2,\"name\":\"Tipi di alloggi\",\"item\":\"https:\/\/www.rocknrome.it\/accommodation\/\"},{\"@type\":\"ListItem\",\"position\":3,\"name\":\"Black Door\"}]}]}<\/script>\n<!-- \/ Yoast SEO plugin. -->","yoast_head_json":{"title":"Black Door - Apartamentos de lujo en alquiler en Roma","robots":{"index":"index","follow":"follow","max-snippet":"max-snippet:-1","max-image-preview":"max-image-preview:large","max-video-preview":"max-video-preview:-1"},"canonical":"https:\/\/www.rocknrome.it\/es\/accommodation\/black-door-2\/","og_locale":"es_ES","og_type":"article","og_title":"Black Door - Apartamentos de lujo en alquiler en Roma","og_description":"Tipo de apartamento   Casa de vacaciones         Unidad   Apartamento estudio         Ubicaci\u00f3n   Plaza de Espa\u00f1a         Clientes potenciales   Individual, Parejas o Empresas","og_url":"https:\/\/www.rocknrome.it\/es\/accommodation\/black-door-2\/","og_site_name":"Apartamentos de lujo en alquiler en Roma","article_modified_time":"2025-01-24T11:35:17+00:00","og_image":[{"width":898,"height":1200,"url":"https:\/\/www.rocknrome.it\/wp-content\/uploads\/2024\/02\/IMG_20220324_091328.jpeg","type":"image\/jpeg"}],"twitter_card":"summary_large_image","twitter_misc":{"Tiempo de lectura":"5 minutos"},"schema":{"@context":"https:\/\/schema.org","@graph":[{"@type":"WebSite","@id":"https:\/\/www.rocknrome.it\/#website","url":"https:\/\/www.rocknrome.it\/","name":"Apartamentos de lujo en alquiler en Roma","description":"Un nuovo sito targato WordPress","potentialAction":[{"@type":"SearchAction","target":{"@type":"EntryPoint","urlTemplate":"https:\/\/www.rocknrome.it\/?s={search_term_string}"},"query-input":"required name=search_term_string"}],"inLanguage":"es"},{"@type":"ImageObject","inLanguage":"es","@id":"https:\/\/www.rocknrome.it\/es\/accommodation\/black-door-2\/#primaryimage","url":"https:\/\/www.rocknrome.it\/wp-content\/uploads\/2024\/02\/IMG_20220324_091328.jpeg","contentUrl":"https:\/\/www.rocknrome.it\/wp-content\/uploads\/2024\/02\/IMG_20220324_091328.jpeg","width":898,"height":1200},{"@type":"WebPage","@id":"https:\/\/www.rocknrome.it\/es\/accommodation\/black-door-2\/#webpage","url":"https:\/\/www.rocknrome.it\/es\/accommodation\/black-door-2\/","name":"Black Door - Apartamentos de lujo en alquiler en Roma","isPartOf":{"@id":"https:\/\/www.rocknrome.it\/#website"},"primaryImageOfPage":{"@id":"https:\/\/www.rocknrome.it\/es\/accommodation\/black-door-2\/#primaryimage"},"datePublished":"2024-02-21T09:09:32+00:00","dateModified":"2025-01-24T11:35:17+00:00","breadcrumb":{"@id":"https:\/\/www.rocknrome.it\/es\/accommodation\/black-door-2\/#breadcrumb"},"inLanguage":"es","potentialAction":[{"@type":"ReadAction","target":["https:\/\/www.rocknrome.it\/es\/accommodation\/black-door-2\/"]}]},{"@type":"BreadcrumbList","@id":"https:\/\/www.rocknrome.it\/es\/accommodation\/black-door-2\/#breadcrumb","itemListElement":[{"@type":"ListItem","position":1,"name":"Home","item":"https:\/\/www.rocknrome.it\/es\/"},{"@type":"ListItem","position":2,"name":"Tipi di alloggi","item":"https:\/\/www.rocknrome.it\/accommodation\/"},{"@type":"ListItem","position":3,"name":"Black Door"}]}]}},"_links":{"self":[{"href":"https:\/\/www.rocknrome.it\/es\/wp-json\/wp\/v2\/mphb_room_type\/3114","targetHints":{"allow":["GET"]}}],"collection":[{"href":"https:\/\/www.rocknrome.it\/es\/wp-json\/wp\/v2\/mphb_room_type"}],"about":[{"href":"https:\/\/www.rocknrome.it\/es\/wp-json\/wp\/v2\/types\/mphb_room_type"}],"replies":[{"embeddable":true,"href":"https:\/\/www.rocknrome.it\/es\/wp-json\/wp\/v2\/comments?post=3114"}],"wp:featuredmedia":[{"embeddable":true,"href":"https:\/\/www.rocknrome.it\/es\/wp-json\/wp\/v2\/media\/3066"}],"wp:attachment":[{"href":"https:\/\/www.rocknrome.it\/es\/wp-json\/wp\/v2\/media?parent=3114"}],"wp:term":[{"taxonomy":"mphb_room_type_category","embeddable":true,"href":"https:\/\/www.rocknrome.it\/es\/wp-json\/wp\/v2\/mphb_room_type_category?post=3114"},{"taxonomy":"mphb_room_type_tag","embeddable":true,"href":"https:\/\/www.rocknrome.it\/es\/wp-json\/wp\/v2\/mphb_room_type_tag?post=3114"},{"taxonomy":"mphb_room_type_facility","embeddable":true,"href":"https:\/\/www.rocknrome.it\/es\/wp-json\/wp\/v2\/mphb_room_type_facility?post=3114"}],"curies":[{"name":"wp","href":"https:\/\/api.w.org\/{rel}","templated":true}]}}